{"id":1251,"date":"2020-03-11T18:49:47","date_gmt":"2020-03-11T22:49:47","guid":{"rendered":"http:\/\/gpcuchil.gob.ec\/azuay\/?page_id=1251"},"modified":"2026-01-12T15:40:01","modified_gmt":"2026-01-12T19:40:01","slug":"pagina-oficial-del-gad-parroquial-de-cuchil","status":"publish","type":"page","link":"https:\/\/gpcuchil.gob.ec\/azuay\/","title":{"rendered":"P\u00e1gina Oficial del GAD Parroquial de Cuchil"},"content":{"rendered":"[vc_row bg_type=\u00bbbg_color\u00bb bg_color_value=\u00bb#f7f7f7&#8243; css=\u00bb.vc_custom_1581547090144{padding-top: 0px !important;padding-bottom: 0px !important;}\u00bb][vc_column css=\u00bb.vc_custom_1529671385255{background-position: center !important;background-repeat: no-repeat !important;background-size: cover !important;}\u00bb][vc_row_inner][vc_column_inner][vc_column_text]<img loading=\"lazy\" decoding=\"async\" class=\"alignleft wp-image-2472\" src=\"https:\/\/gpcuchil.gob.ec\/azuay\/wp-content\/uploads\/2024\/01\/0160028440001.jpeg\" alt=\"\" width=\"750\" height=\"530\" srcset=\"https:\/\/gpcuchil.gob.ec\/azuay\/wp-content\/uploads\/2024\/01\/0160028440001.jpeg 1280w, https:\/\/gpcuchil.gob.ec\/azuay\/wp-content\/uploads\/2024\/01\/0160028440001-550x388.jpeg 550w, https:\/\/gpcuchil.gob.ec\/azuay\/wp-content\/uploads\/2024\/01\/0160028440001-1024x723.jpeg 1024w, https:\/\/gpcuchil.gob.ec\/azuay\/wp-content\/uploads\/2024\/01\/0160028440001-768x542.jpeg 768w\" sizes=\"auto, (max-width: 750px) 100vw, 750px\" \/><img loading=\"lazy\" decoding=\"async\" class=\"alignnone wp-image-2473\" src=\"https:\/\/gpcuchil.gob.ec\/azuay\/wp-content\/uploads\/2024\/01\/Azuay-0160028440001.jpeg\" alt=\"\" width=\"269\" height=\"438\" \/>[\/vc_column_text][\/vc_column_inner][\/vc_row_inner][vc_row_inner][vc_column_inner]<div id=\"ultimate-heading-902969f3477f610a4\" class=\"uvc-heading ult-adjust-bottom-margin ultimate-heading-902969f3477f610a4 uvc-4158 accent-border-color\" data-hspacer=\"line_only\"  data-halign=\"center\" style=\"text-align:center\"><div class=\"uvc-main-heading ult-responsive\"  data-ultimate-target='.uvc-heading.ultimate-heading-902969f3477f610a4 h2'  data-responsive-json-new='{\"font-size\":\"desktop:26px;\",\"line-height\":\"desktop:36px;\"}' ><h2 style=\"font-weight:normal;margin-bottom:15px;\">EN LINEA<\/h2><\/div><div class=\"uvc-heading-spacer line_only\" style=\"margin-bottom:60px;height:4px;\"><span class=\"uvc-headings-line\" style=\"border-style:solid;border-bottom-width:4px;border-color:#eb7e3d;width:100px;\"><\/span><\/div><\/div>[\/vc_column_inner][\/vc_row_inner][vc_row_inner][vc_column_inner width=\u00bb1\/3&#8243;]<div class=\"ult-just-icon-wrapper  \"><div class=\"align-icon\" style=\"text-align:center;\">\n<div class=\"aio-icon none \" data-animation=\"swing\" data-animation-delay=\"03\" style=\"color:#ea841e;font-size:80px;display:inline-block;\">\n\t<i class=\"Defaults-bar-chart bar-chart-o\"><\/i>\n<\/div><\/div><\/div><div id=\"ultimate-heading-206369f3477f611a7\" class=\"uvc-heading ult-adjust-bottom-margin ultimate-heading-206369f3477f611a7 uvc-3974 \" data-hspacer=\"no_spacer\"  data-halign=\"center\" style=\"text-align:center\"><div class=\"uvc-heading-spacer no_spacer\" style=\"top\"><\/div><div class=\"uvc-main-heading ult-responsive\"  data-ultimate-target='.uvc-heading.ultimate-heading-206369f3477f611a7 h2'  data-responsive-json-new='{\"font-size\":\"desktop:26px;\",\"line-height\":\"desktop:36px;\"}' ><h2 style=\"font-weight:normal;margin-bottom:5px;\">Rendici\u00f3n de Cuentas<\/h2><\/div><div class=\"uvc-sub-heading ult-responsive\"  data-ultimate-target='.uvc-heading.ultimate-heading-206369f3477f611a7 .uvc-sub-heading '  data-responsive-json-new='{\"font-size\":\"\",\"line-height\":\"desktop:28px;\"}'  style=\"font-weight:normal;margin-bottom:20px;\">Informe anual sobre los trabajos y gesti\u00f3n realizada.<\/div><\/div><div class=\" ubtn-ctn-center \"><button type=\"button\" id=\"ubtn-8482\"  class=\"ubtn ult-adjust-bottom-margin ult-responsive ubtn-normal ubtn-fade-bg  ulta-float  ubtn-center   tooltip-69f3477f611d1\"  data-hover=\"\" data-border-color=\"\" data-bg=\"#e0e0e0\" data-hover-bg=\"\" data-border-hover=\"\" data-shadow-hover=\"\" data-shadow-click=\"none\" data-shadow=\"\" data-shd-shadow=\"\"  data-ultimate-target='#ubtn-8482'  data-responsive-json-new='{\"font-size\":\"\",\"line-height\":\"\"}'  style=\"font-weight:normal;border:none;background: #e0e0e0;color: #000000;\"><span class=\"ubtn-hover\" style=\"background-color:\"><\/span><span class=\"ubtn-data ubtn-text \" >Descargar<\/span><\/button><\/div>[\/vc_column_inner][vc_column_inner width=\u00bb1\/3&#8243;]<div class=\"ult-just-icon-wrapper  \"><div class=\"align-icon\" style=\"text-align:center;\">\n<div class=\"aio-icon none \" data-animation=\"swing\" data-animation-delay=\"03\" style=\"color:#ea841e;font-size:80px;display:inline-block;\">\n\t<i class=\"Defaults-book\"><\/i>\n<\/div><\/div><\/div><div id=\"ultimate-heading-613269f3477f6121c\" class=\"uvc-heading ult-adjust-bottom-margin ultimate-heading-613269f3477f6121c uvc-7906 \" data-hspacer=\"no_spacer\"  data-halign=\"center\" style=\"text-align:center\"><div class=\"uvc-heading-spacer no_spacer\" style=\"top\"><\/div><div class=\"uvc-main-heading ult-responsive\"  data-ultimate-target='.uvc-heading.ultimate-heading-613269f3477f6121c h2'  data-responsive-json-new='{\"font-size\":\"desktop:26px;\",\"line-height\":\"desktop:36px;\"}' ><h2 style=\"font-weight:normal;margin-bottom:5px;\">PDOT<\/h2><\/div><div class=\"uvc-sub-heading ult-responsive\"  data-ultimate-target='.uvc-heading.ultimate-heading-613269f3477f6121c .uvc-sub-heading '  data-responsive-json-new='{\"font-size\":\"\",\"line-height\":\"desktop:28px;\"}'  style=\"font-weight:normal;margin-bottom:20px;\">Descargar el documento del Plan de ordenamiento Territorial.<\/div><\/div><div class=\" ubtn-ctn-center \"><a class=\"ubtn-link ult-adjust-bottom-margin ubtn-center ubtn-normal \" href=\"https:\/\/gpcuchil.gob.ec\/azuay\/wp-content\/uploads\/2024\/10\/PDOT_CUTCHIL_2023_2027.pdf\" target=\"_blank\" rel=\"noopener\" ><button type=\"button\" id=\"ubtn-5252\"  class=\"ubtn ult-adjust-bottom-margin ult-responsive ubtn-normal ubtn-fade-bg  ulta-float  ubtn-center   tooltip-69f3477f6123a\"  data-hover=\"\" data-border-color=\"\" data-bg=\"#e0e0e0\" data-hover-bg=\"\" data-border-hover=\"\" data-shadow-hover=\"\" data-shadow-click=\"none\" data-shadow=\"\" data-shd-shadow=\"\"  data-ultimate-target='#ubtn-5252'  data-responsive-json-new='{\"font-size\":\"\",\"line-height\":\"\"}'  style=\"font-weight:normal;border:none;background: #e0e0e0;color: #000000;\"><span class=\"ubtn-hover\" style=\"background-color:\"><\/span><span class=\"ubtn-data ubtn-text \" >Descargar<\/span><\/button><\/a><\/div>[\/vc_column_inner][vc_column_inner width=\u00bb1\/3&#8243;]<div class=\"ult-just-icon-wrapper  \"><div class=\"align-icon\" style=\"text-align:center;\">\n<div class=\"aio-icon none \" data-animation=\"swing\" data-animation-delay=\"03\" style=\"color:#ea841e;font-size:80px;display:inline-block;\">\n\t<i class=\"Defaults-camera-retro\"><\/i>\n<\/div><\/div><\/div><div id=\"ultimate-heading-169969f3477f6127b\" class=\"uvc-heading ult-adjust-bottom-margin ultimate-heading-169969f3477f6127b uvc-1648 \" data-hspacer=\"no_spacer\"  data-halign=\"center\" style=\"text-align:center\"><div class=\"uvc-heading-spacer no_spacer\" style=\"top\"><\/div><div class=\"uvc-main-heading ult-responsive\"  data-ultimate-target='.uvc-heading.ultimate-heading-169969f3477f6127b h2'  data-responsive-json-new='{\"font-size\":\"desktop:26px;\",\"line-height\":\"desktop:36px;\"}' ><h2 style=\"font-weight:normal;margin-bottom:5px;\">Turismo<\/h2><\/div><div class=\"uvc-sub-heading ult-responsive\"  data-ultimate-target='.uvc-heading.ultimate-heading-169969f3477f6127b .uvc-sub-heading '  data-responsive-json-new='{\"font-size\":\"\",\"line-height\":\"desktop:28px;\"}'  style=\"font-weight:normal;margin-bottom:20px;\">Conoce sobre los atractivos tur\u00edsticos de nuestra parroquia.<\/div><\/div><div class=\" ubtn-ctn-center \"><button type=\"button\" id=\"ubtn-8182\"  class=\"ubtn ult-adjust-bottom-margin ult-responsive ubtn-normal ubtn-fade-bg  ulta-float  ubtn-center   tooltip-69f3477f61295\"  data-hover=\"\" data-border-color=\"\" data-bg=\"#e0e0e0\" data-hover-bg=\"\" data-border-hover=\"\" data-shadow-hover=\"\" data-shadow-click=\"none\" data-shadow=\"\" data-shd-shadow=\"\"  data-ultimate-target='#ubtn-8182'  data-responsive-json-new='{\"font-size\":\"\",\"line-height\":\"\"}'  style=\"font-weight:normal;border:none;background: #e0e0e0;color: #000000;\"><span class=\"ubtn-hover\" style=\"background-color:\"><\/span><span class=\"ubtn-data ubtn-text \" >Ir a Turismo<\/span><\/button><\/div>[\/vc_column_inner][\/vc_row_inner][vc_column_inner][\/vc_column_inner][\/vc_column][\/vc_row][vc_row bg_type=\u00bbimage\u00bb parallax_style=\u00bbvcpb-vz-jquery\u00bb bg_image_new=\u00bbid^1268|url^http:\/\/gpcuchil.gob.ec\/azuay\/wp-content\/uploads\/2020\/03\/122417838.jpg|caption^null|alt^null|title^122417838|description^null\u00bb bg_image_repeat=\u00bbno-repeat\u00bb enable_overlay=\u00bbenable_overlay_value\u00bb overlay_color=\u00bbrgba(0,0,0,0.23)\u00bb css=\u00bb.vc_custom_1595956909365{padding-top: 80px !important;padding-bottom: 80px !important;}\u00bb][vc_column]<div id=\"ultimate-heading-425869f3477f612b8\" class=\"uvc-heading ult-adjust-bottom-margin ultimate-heading-425869f3477f612b8 uvc-175 accent-border-color\" data-hspacer=\"line_only\"  data-halign=\"center\" style=\"text-align:center\"><div class=\"uvc-main-heading ult-responsive\"  data-ultimate-target='.uvc-heading.ultimate-heading-425869f3477f612b8 h2'  data-responsive-json-new='{\"font-size\":\"desktop:40px;\",\"line-height\":\"desktop:50px;\"}' ><h2 style=\"font-weight:normal;color:#ffffff;margin-bottom:15px;\">Turismo en Cuchil<\/h2><\/div><div class=\"uvc-heading-spacer line_only\" style=\"margin-bottom:60px;height:4px;\"><span class=\"uvc-headings-line\" style=\"border-style:solid;border-bottom-width:4px;border-color:#eb7e3d;width:100px;\"><\/span><\/div><\/div><div class=\" ubtn-ctn-center \"><a class=\"ubtn-link ult-adjust-bottom-margin ubtn-center ubtn-normal \" href=\"http:\/\/\" ><button type=\"button\" id=\"ubtn-7794\"  class=\"ubtn ult-adjust-bottom-margin ult-responsive ubtn-normal ubtn-fade-bg  ulta-pulse-grow  ubtn-center   tooltip-69f3477f612d3\"  data-hover=\"\" data-border-color=\"#dd9933\" data-bg=\"#e0e0e0\" data-hover-bg=\"\" data-border-hover=\"\" data-shadow-hover=\"\" data-shadow-click=\"none\" data-shadow=\"\" data-shd-shadow=\"\"  data-ultimate-target='#ubtn-7794'  data-responsive-json-new='{\"font-size\":\"\",\"line-height\":\"\"}'  style=\"font-weight:normal;border-radius:3px;border-width:1px;border-color:#dd9933;border-style:solid;background: #e0e0e0;color: #000000;\"><span class=\"ubtn-hover\" style=\"background-color:\"><\/span><span class=\"ubtn-data ubtn-text \" >Ir a Turismo<\/span><\/button><\/a><\/div>[\/vc_column][\/vc_row][vc_row][vc_column]<div id=\"ultimate-heading-127969f3477f612fd\" class=\"uvc-heading ult-adjust-bottom-margin ultimate-heading-127969f3477f612fd uvc-4598 accent-border-color\" data-hspacer=\"line_only\"  data-halign=\"center\" style=\"text-align:center\"><div class=\"uvc-main-heading ult-responsive\"  data-ultimate-target='.uvc-heading.ultimate-heading-127969f3477f612fd h2'  data-responsive-json-new='{\"font-size\":\"desktop:26px;\",\"line-height\":\"desktop:36px;\"}' ><h2 style=\"font-weight:normal;margin-bottom:15px;\">Mensaje del Se\u00f1or Presidente<\/h2><\/div><div class=\"uvc-heading-spacer line_only\" style=\"margin-bottom:60px;height:4px;\"><span class=\"uvc-headings-line\" style=\"border-style:solid;border-bottom-width:4px;border-color:#eb7e3d;width:100px;\"><\/span><\/div><\/div>[vc_row_inner][vc_column_inner width=\u00bb1\/2&#8243;][vc_single_image image=\u00bb2176&#8243; img_size=\u00bb300&#215;300&#8243; alignment=\u00bbcenter\u00bb css_animation=\u00bbfadeInLeft\u00bb]<div id=\"ultimate-heading-895569f3477f61314\" class=\"uvc-heading ult-adjust-bottom-margin ultimate-heading-895569f3477f61314 uvc-9888 \" data-hspacer=\"no_spacer\"  data-halign=\"center\" style=\"text-align:center\"><div class=\"uvc-heading-spacer no_spacer\" style=\"top\"><\/div><div class=\"uvc-sub-heading ult-responsive\"  data-ultimate-target='.uvc-heading.ultimate-heading-895569f3477f61314 .uvc-sub-heading '  data-responsive-json-new='{\"font-size\":\"\",\"line-height\":\"desktop:28px;\"}'  style=\"font-weight:normal;margin-bottom:20px;\">\n<p style=\"text-align: center;\">Sr. Leonardo Sebasti\u00e1n Jim\u00e9nez Jim\u00e9nez<\/p>\n<p style=\"text-align: center;\"><em>Presidente GAD Parroquial Cutchil<\/em><\/p>\n<div id=\"gtx-trans\" style=\"position: absolute; left: 137px; top: 38px;\">\n<div class=\"gtx-trans-icon\"><\/div>\n<\/div>\n<\/div><\/div>[\/vc_column_inner][vc_column_inner width=\u00bb1\/2&#8243;][vc_empty_space height=\u00bb42px\u00bb][vc_column_text]\n<div><\/div>\n<div><\/div>\n<div><\/div>\n<blockquote>\n<h4 style=\"text-align: center;\">Un saludo fraterno a todo mi pueblo. Desde el GAD Parroquial reafirmamos nuestro compromiso de seguir trabajando con responsabilidad, transparencia y unidad por el bienestar de todos. Cada acci\u00f3n que emprendemos busca fortalecer el desarrollo de nuestra comunidad y mejorar la calidad de vida de quienes forman parte de esta querida parroquia. \u00a1Sigamos avanzando juntos por un futuro mejor!<\/h4>\n<h4 style=\"text-align: center;\">Presidente del GAD Parroquial<\/h4>\n<\/blockquote>\n[\/vc_column_text][\/vc_column_inner][\/vc_row_inner][\/vc_column][vc_column][\/vc_column][\/vc_row]\n","protected":false},"excerpt":{"rendered":"<p>[vc_row bg_type=\u00bbbg_color\u00bb bg_color_value=\u00bb#f7f7f7&#8243; css=\u00bb.vc_custom_1581547090144{padding-top: 0px !important;padding-bottom: 0px !important;}\u00bb][vc_column css=\u00bb.vc_custom_1529671385255{background-position: center !important;background-repeat: no-repeat !important;background-size: cover !important;}\u00bb][vc_row_inner][vc_column_inner][vc_column_text][\/vc_column_text][\/vc_column_inner][\/vc_row_inner][vc_row_inner][vc_column_inner][\/vc_column_inner][\/vc_row_inner][vc_row_inner][vc_column_inner width=\u00bb1\/3&#8243;][\/vc_column_inner][vc_column_inner width=\u00bb1\/3&#8243;][\/vc_column_inner][vc_column_inner width=\u00bb1\/3&#8243;][\/vc_column_inner][\/vc_row_inner][vc_column_inner][\/vc_column_inner][\/vc_column][\/vc_row][vc_row bg_type=\u00bbimage\u00bb parallax_style=\u00bbvcpb-vz-jquery\u00bb bg_image_new=\u00bbid^1268|url^http:\/\/gpcuchil.gob.ec\/azuay\/wp-content\/uploads\/2020\/03\/122417838.jpg|caption^null|alt^null|title^122417838|description^null\u00bb bg_image_repeat=\u00bbno-repeat\u00bb enable_overlay=\u00bbenable_overlay_value\u00bb overlay_color=\u00bbrgba(0,0,0,0.23)\u00bb css=\u00bb.vc_custom_1595956909365{padding-top: 80px !important;padding-bottom: 80px !important;}\u00bb][vc_column][\/vc_column][\/vc_row][vc_row][vc_column][vc_row_inner][vc_column_inner width=\u00bb1\/2&#8243;][vc_single_image image=\u00bb2176&#8243; img_size=\u00bb300&#215;300&#8243; alignment=\u00bbcenter\u00bb css_animation=\u00bbfadeInLeft\u00bb][\/vc_column_inner][vc_column_inner width=\u00bb1\/2&#8243;][vc_empty_space height=\u00bb42px\u00bb][vc_column_text] Un saludo fraterno a todo mi pueblo. Desde el GAD Parroquial reafirmamos nuestro compromiso de seguir trabajando con responsabilidad, [&hellip;]<\/p>\n","protected":false},"author":8,"featured_media":0,"parent":0,"menu_order":0,"comment_status":"closed","ping_status":"closed","template":"","meta":{"footnotes":""},"yst_prominent_words":[66,97,20,18],"class_list":["post-1251","page","type-page","status-publish","hentry"],"_links":{"self":[{"href":"https:\/\/gpcuchil.gob.ec\/azuay\/wp-json\/wp\/v2\/pages\/1251","targetHints":{"allow":["GET"]}}],"collection":[{"href":"https:\/\/gpcuchil.gob.ec\/azuay\/wp-json\/wp\/v2\/pages"}],"about":[{"href":"https:\/\/gpcuchil.gob.ec\/azuay\/wp-json\/wp\/v2\/types\/page"}],"author":[{"embeddable":true,"href":"https:\/\/gpcuchil.gob.ec\/azuay\/wp-json\/wp\/v2\/users\/8"}],"replies":[{"embeddable":true,"href":"https:\/\/gpcuchil.gob.ec\/azuay\/wp-json\/wp\/v2\/comments?post=1251"}],"version-history":[{"count":21,"href":"https:\/\/gpcuchil.gob.ec\/azuay\/wp-json\/wp\/v2\/pages\/1251\/revisions"}],"predecessor-version":[{"id":3176,"href":"https:\/\/gpcuchil.gob.ec\/azuay\/wp-json\/wp\/v2\/pages\/1251\/revisions\/3176"}],"wp:attachment":[{"href":"https:\/\/gpcuchil.gob.ec\/azuay\/wp-json\/wp\/v2\/media?parent=1251"}],"wp:term":[{"taxonomy":"yst_prominent_words","embeddable":true,"href":"https:\/\/gpcuchil.gob.ec\/azuay\/wp-json\/wp\/v2\/yst_prominent_words?post=1251"}],"curies":[{"name":"wp","href":"https:\/\/api.w.org\/{rel}","templated":true}]}}